{"id":6,"date":"2020-03-03T13:18:40","date_gmt":"2020-03-03T13:18:40","guid":{"rendered":"http:\/\/trixis-pferdetraining.de\/?page_id=6"},"modified":"2020-10-19T16:31:36","modified_gmt":"2020-10-19T16:31:36","slug":"ueber-mich","status":"publish","type":"page","link":"https:\/\/trixis-pferdetraining.de\/?page_id=6","title":{"rendered":"\u00dcber mich"},"content":{"rendered":"\n<p class=\"has-text-align-center\"><em>\u201eSelten sind die Reiter, <\/em><em>die aus wahrhafter Leidenschaft f\u00fcr das Pferd und seine Ausbildung, <\/em><em>sich tiefgreifend und aufopfernd mit der Dressur befassen <\/em><em>und diese so au\u00dfergew\u00f6hnlich feinf\u00fchlige Arbeit <\/em><em>zum roten Faden ihres Lebens machen\u201c<\/em><\/p>\n\n\n\n<p class=\"has-text-align-center\"><em> | Nuno Oliveira |<\/em><\/p>\n\n\n\n<div class=\"wp-block-image\"><figure class=\"aligncenter size-large is-resized\"><img loading=\"lazy\" src=\"https:\/\/trixis-pferdetraining.de\/wp-content\/uploads\/2020\/06\/DSC_4234-scaled.jpg\" alt=\"\" class=\"wp-image-157\" width=\"474\" height=\"316\" srcset=\"https:\/\/trixis-pferdetraining.de\/wp-content\/uploads\/2020\/06\/DSC_4234-scaled.jpg 2560w, https:\/\/trixis-pferdetraining.de\/wp-content\/uploads\/2020\/06\/DSC_4234-300x200.jpg 300w, https:\/\/trixis-pferdetraining.de\/wp-content\/uploads\/2020\/06\/DSC_4234-768x513.jpg 768w, https:\/\/trixis-pferdetraining.de\/wp-content\/uploads\/2020\/06\/DSC_4234-2048x1367.jpg 2048w\" sizes=\"(max-width: 474px) 100vw, 474px\" \/><\/figure><\/div>\n\n\n\n<h4>Schon von Kindheit an bin ich fasziniert vom feinf\u00fchligen und sensiblen Wesen der Pferde.<\/h4>\n\n\n\n<p>1970 fing ich an in der Universit\u00e4tsreitschule M\u00fcnchen Unterricht zu nehmen. Bald durfte ich Privatpferde reiten und ich infizierte mich komplett mit dem Pferdevirus. Im Dressurstall Mechlem sen. begann ich eine Bereiterlehre, fand aber schnell heraus, dass das nicht meine Art des Reitens ist. Ich arbeitete in Thann, einem Turnierstall in dem ich unter anderem Unterricht bei Ottokar Pohlmann bekam &#8211; dort wurde mir auch der Jungpferdestall und die Erziehung der jungen Vollbl\u00fcter des Besitzers anvertraut -, auf der Galopprennbahn im Stall Schreiner und im Stall Hans Prinzinger, im M\u00fcnchner Poloclub wo ich das Training der Polopferde \u00fcbernahm.<\/p>\n\n\n\n<h4>Ausbildung Westernreiten<\/h4>\n\n\n\n<p>Verzaubert von der Leichtigkeit der Westernreiter des Stalles Orgeldinger auf der &#8222;Pferd International&#8220; begann f\u00fcr mich die neue \u00c4ra des Westernreitens. Die ersten Schritte dazu begannen auf der &#8222;Little Horse Ranch&#8220; von Heinz Nowinski. Danach folgten 25 Jahre aktiv im Turniersport mit meiner Morganhorse-Stute Splendor, die mich in der offenen Klasse zu mehrfachen Bayerischen Meistertiteln in den Disziplinen Trail, Western Riding und Superhorse trug. Superhorse ist eine kombinierte Pr\u00fcfung aus den Disziplinen Trail, Pleasure und Reining.<\/p>\n\n\n\n<p>Vielseitig musste das Pferd ausgebildet sein. Das ist noch heute meine Passion.<\/p>\n\n\n\n<h4>Klassische Dressur<\/h4>\n\n\n\n<p>Nach dieser Zeit, beobachtete ich mehr und mehr, dass das Turniergeschehen und der Umgang mit den Pferden um mich herum alles andere als pferdefreundlich war. Ich hatte ja mit dem Reiten begonnen, weil ich Pferde liebe und die Entwicklung auf den Turnieren hier war f\u00fcr mich nicht mehr vereinbar.<\/p>\n\n\n\n<p>So orientierte ich mich zur\u00fcck, \u201eback to the roots\u201c und begann wieder Klassische Dressur zu reiten. Vieles von dem, was ich in den letzten 30 Jahren gelernt hatte konnte ich gut auch in der Klassischen Dressur anwenden. Es ist nicht die Ausr\u00fcstung die es ausmacht \u2013 entweder ein Pferd ist gut oder es ist schlecht geritten. Entweder man f\u00f6rdert ein Pferd empathisch, oder man ruiniert es.<\/p>\n\n\n\n<p>In der ganzen Zeit, hatte ich regelm\u00e4\u00dfig Unterricht bei Marc de Broissia, der mir ein stabiles Fundament in der Dressurausbildung erm\u00f6glichte.<\/p>\n\n\n\n<h4>Trainer C f\u00fcr klassisch barocke Reiterei<\/h4>\n\n\n\n<p>Seit 2013 bin ich Trainer C f\u00fcr klassisch barocke Reiterei, anerkannt vom Bundesverband f\u00fcr klassisch barocke Reiterei Deutschland e. V. (BfkbR) und der Deutschen Reiterlichen Vereinigung (FN)<\/p>\n\n\n\n<p><strong><em>Pferde zu verstehen und wie sie zu denken, spiegelt sich in meiner 47- j\u00e4hrigen Erfahrung im Umgang mit den wunderbaren Gesch\u00f6pfen wieder.<\/em><\/strong><\/p>\n\n\n\n<p>Seit 1994 arbeite ich selbst\u00e4ndig im Bereich Pferdeausbildung und befasse mich intensiv mit den psychologischen Bed\u00fcrfnissen, sowie den physiologischen Bereichen der biomechanischen Abl\u00e4ufe der Pferdeanatomie . Auf meinem Weg dahin lernte ich viele Pferde kennen, die ich ein St\u00fcckchen auf ihrem Weg begleiten durfte und die gute Lehrer waren. Au\u00dfer ihnen habe ich mich bem\u00fcht, von vielen namhaften Ausbildern zu lernen und meine Erfahrungen zu erweitern.<\/p>\n\n\n\n<h4>Meine Ausbilder<\/h4>\n\n\n\n<p>Die nachstehend genannten Lehrer lie\u00dfen mich an ihrer Erfahrung teilhaben. Durch sie konnte ich mein heutiges Wissen aus vielen Mosaiksteinchen zusammensetzen.<\/p>\n\n\n\n<h4>Im Westernbereich<\/h4>\n\n\n\n<figure class=\"wp-block-table\"><table class=\"has-fixed-layout\"><tbody><tr><td>Jean Claude Dysli<\/td><td>&nbsp;Josh Armstrong<\/td><\/tr><tr><td>Morey Fisk<\/td><td>&nbsp;Don Ulmer<\/td><\/tr><tr><td>Linda Tellington Jones<\/td><td>&nbsp;Heinz Nowinski<\/td><\/tr><tr><td>Pat Parelli<\/td><td>&nbsp;Norbert Drechsler<\/td><\/tr><tr><td>Birger Gieseke<\/td><td>&nbsp;Dieter Harisch<\/td><\/tr><tr><td>Fred Berschauer<\/td><td>&nbsp;Patrick v. Koningsloh<\/td><\/tr><tr><td>Michael Baxter<\/td><td>&nbsp;Gregg Hall<\/td><\/tr><tr><td>Torsten Tiemann<\/td><td>&nbsp;Shawn Flarida<\/td><\/tr><tr><td>Michael Marquardt<\/td><td>&nbsp;Barry Bader<\/td><\/tr><tr><td>Roger Kupfer<\/td><td>&nbsp;Ute Tietje<\/td><\/tr><tr><td>H.P. Reiss<\/td><td>&nbsp;<\/td><\/tr><\/tbody><\/table><\/figure>\n\n\n\n<h4>Im klassischen Bereich<\/h4>\n\n\n\n<figure class=\"wp-block-table\"><table class=\"has-fixed-layout\"><tbody><tr><td>Marc de Broissia<\/td><td>Joao Lynce<\/td><\/tr><tr><td>Desmond O\u00b4Brien<\/td><td>Nadja Eichholz<\/td><\/tr><tr><td>Johannes Beck-Broichsitter<\/td><td>Sabine Oettl<\/td><\/tr><tr><td>Richard Hinrichs<\/td><td>Anja Beran<\/td><\/tr><tr><td>Manolo Mendez<\/td><td>&nbsp;<\/td><\/tr><tr><td>Juan Rubio Martinez<\/td><td>&nbsp;<\/td><\/tr><tr><td>Colonel Christian Card\u00e8<\/td><td>&nbsp;<\/td><\/tr><tr><td>Dr. Klaus Widdra<\/td><td>&nbsp;<\/td><\/tr><tr><td>Dr. Hans-Walter D\u00f6rr<\/td><td>&nbsp;<\/td><\/tr><tr><td>Ottokar Pohlmann<\/td><td>&nbsp;<\/td><\/tr><tr><td>Sybille Wiemer<\/td><td>&nbsp;<\/td><\/tr><\/tbody><\/table><\/figure>\n\n\n\n<h4>&#8222;Ein guter Lehrer bleibt ein Sch\u00fcler bis ans Ende aller Tage&#8220;<\/h4>\n\n\n\n<h4><em> chinesische Weisheit<\/em><\/h4>\n\n\n\n<figure class=\"wp-block-table\"><table><tbody><tr><td><\/td><\/tr><\/tbody><\/table><\/figure>\n\n\n\n<figure class=\"wp-block-table alignleft is-style-stripes\"><table><thead><tr><th>Seminare, die 2020 besucht habe<\/th><th><\/th><\/tr><\/thead><tbody><tr><td>03.\/04.10.2020<\/td><td>Jim Matsterson Methode mit Silvia Hamm<\/td><\/tr><tr><td>10.\/11.10.2020<\/td><td>Desmond O\u00b4Brien<\/td><\/tr><\/tbody><\/table><\/figure>\n\n\n\n<figure class=\"wp-block-table alignleft is-style-stripes\"><table><thead><tr><th>Seminare, die ich 2019 besucht habe<\/th><th>&nbsp;<\/th><\/tr><\/thead><tbody><tr><td>14.01.2019<\/td><td>Anja Beran<\/td><\/tr><tr><td>12.-14.04.2019<\/td><td>Juan Rubio Martinez<\/td><\/tr><tr><td>18.05.2019<\/td><td>Franco Gorgi<\/td><\/tr><tr><td>01. \/ 02.06.2019<\/td><td>Manolo Mandez<\/td><\/tr><tr><td>24.-27.06.2019<\/td><td>Johannes Beck-Broichsitter<\/td><\/tr><tr><td>12. \/ 13.102019<\/td><td>&nbsp;Desmond O\u00b4Brien<\/td><\/tr><tr><td>19.10.2019<\/td><td>Manolo Mandez<\/td><\/tr><\/tbody><\/table><\/figure>\n\n\n\n<figure class=\"wp-block-table alignleft is-style-stripes\"><table><thead><tr><th>Seminare, die ich 2018 besucht habe<\/th><th>&nbsp;<\/th><\/tr><\/thead><tbody><tr><td>02.02.2018<\/td><td>Anja Beran<\/td><\/tr><tr><td>16.03.2018<\/td><td>Anja Beran<\/td><\/tr><tr><td>09.04.2018<\/td><td>Anja Beran<\/td><\/tr><tr><td>14.04.2018<\/td><td>Anja Beran<\/td><\/tr><tr><td>21.04.2018<\/td><td>Honza Blaha<\/td><\/tr><tr><td>21.05.2018<\/td><td>Anja Beran<\/td><\/tr><tr><td>18.-21.06.2018<\/td><td>Johannes Beck-Broichsitter<\/td><\/tr><tr><td>06. \/ 07.10.2018<\/td><td>Franco Gorgi<\/td><\/tr><tr><td>11.10.2018<\/td><td>Juliane Waas<\/td><\/tr><tr><td>01.12.2018<\/td><td>Christofer Dahlgren<\/td><\/tr><tr><td>16.12.2018<\/td><td>Anja Beran<\/td><\/tr><\/tbody><\/table><\/figure>\n\n\n\n<figure class=\"wp-block-table alignleft is-style-stripes\"><table><thead><tr><th>Seminare, die ich 2017 besucht habe<\/th><th>&nbsp;<\/th><\/tr><\/thead><tbody><tr><td>05.01.2017<\/td><td>Dr. Hans D\u00f6rr<\/td><\/tr><tr><td>&nbsp;<\/td><td>&nbsp;<\/td><\/tr><tr><td>05.02.2017<\/td><td>Dr. Hans D\u00f6rr<\/td><\/tr><tr><td>20. \/ 21.03.2017<\/td><td>Joao Lynce<br>Working Equitation<\/td><\/tr><tr><td>12.-14.05.2017<\/td><td>Manolo Mendez<\/td><\/tr><tr><td>28.05.2017<\/td><td>Juan Rubio Martinez<\/td><\/tr><tr><td>19.-22.06.201<\/td><td>Johannes Beck-Broichsitter<\/td><\/tr><tr><td>11. \/ 12.07.2017<\/td><td>Joao Lynce<br>Working Equitation<\/td><\/tr><tr><td>23.07.2017<\/td><td>Richard Hinrichs<\/td><\/tr><tr><td>02.08.2017<\/td><td>Pat Parelli<\/td><\/tr><tr><td>22.10.2017<\/td><td>Juan Rubio Martinez<\/td><\/tr><tr><td>31.10. \/ 01.11.2017<\/td><td>Nadja Eichholz<br>Sitzschulung<\/td><\/tr><tr><td>17. &#8211; 19..11.2017<\/td><td>Colonel Christian Carde\u00b4<br>Dressurkurs<\/td><\/tr><\/tbody><\/table><\/figure>\n\n\n\n<p>&nbsp;<\/p>\n","protected":false},"excerpt":{"rendered":"<p>\u201eSelten sind die Reiter, die aus wahrhafter Leidenschaft f\u00fcr das Pferd und seine Ausbildung, sich tiefgreifend und aufopfernd mit der Dressur befassen und diese so au\u00dfergew\u00f6hnlich feinf\u00fchlige Arbeit zum roten Faden ihres Lebens machen\u201c | Nuno Oliveira | Schon von<\/p>\n","protected":false},"author":1,"featured_media":0,"parent":0,"menu_order":0,"comment_status":"closed","ping_status":"closed","template":"","meta":{"_uag_custom_page_level_css":""},"uagb_featured_image_src":{"full":false,"thumbnail":false,"medium":false,"medium_large":false,"large":false,"1536x1536":false,"2048x2048":false,"suffice-thumbnail-grid":false,"suffice-thumbnail-featured-one":false,"suffice-thumbnail-featured-two":false,"suffice-thumbnail-portfolio":false,"suffice-thumbnail-portfolio-masonry":false},"uagb_author_info":{"display_name":"12374088","author_link":"https:\/\/trixis-pferdetraining.de\/?author=1"},"uagb_comment_info":0,"uagb_excerpt":"\u201eSelten sind die Reiter, die aus wahrhafter Leidenschaft f\u00fcr das Pferd und seine Ausbildung, sich tiefgreifend und aufopfernd mit der Dressur befassen und diese so au\u00dfergew\u00f6hnlich feinf\u00fchlige Arbeit zum roten Faden ihres Lebens machen\u201c | Nuno Oliveira | Schon von","_links":{"self":[{"href":"https:\/\/trixis-pferdetraining.de\/index.php?rest_route=\/wp\/v2\/pages\/6"}],"collection":[{"href":"https:\/\/trixis-pferdetraining.de\/index.php?rest_route=\/wp\/v2\/pages"}],"about":[{"href":"https:\/\/trixis-pferdetraining.de\/index.php?rest_route=\/wp\/v2\/types\/page"}],"author":[{"embeddable":true,"href":"https:\/\/trixis-pferdetraining.de\/index.php?rest_route=\/wp\/v2\/users\/1"}],"replies":[{"embeddable":true,"href":"https:\/\/trixis-pferdetraining.de\/index.php?rest_route=%2Fwp%2Fv2%2Fcomments&post=6"}],"version-history":[{"count":59,"href":"https:\/\/trixis-pferdetraining.de\/index.php?rest_route=\/wp\/v2\/pages\/6\/revisions"}],"predecessor-version":[{"id":654,"href":"https:\/\/trixis-pferdetraining.de\/index.php?rest_route=\/wp\/v2\/pages\/6\/revisions\/654"}],"wp:attachment":[{"href":"https:\/\/trixis-pferdetraining.de\/index.php?rest_route=%2Fwp%2Fv2%2Fmedia&parent=6"}],"curies":[{"name":"wp","href":"https:\/\/api.w.org\/{rel}","templated":true}]}}